{"id":301,"date":"2016-12-27T15:21:33","date_gmt":"2016-12-27T14:21:33","guid":{"rendered":"https:\/\/www.camping-la-grenouille.com\/decouverte\/"},"modified":"2021-12-02T11:35:20","modified_gmt":"2021-12-02T10:35:20","slug":"ontdekking","status":"publish","type":"page","link":"https:\/\/www.camping-la-grenouille.com\/nl\/ontdekking\/","title":{"rendered":"Ontdekking"},"content":{"rendered":"<p><div class=\"fusion-fullwidth fullwidth-box fusion-builder-row-1 nonhundred-percent-fullwidth non-hundred-percent-height-scrolling\"  style='background-color: rgba(255,255,255,0);background-position: center center;background-repeat: no-repeat;padding-top:20px;padding-right:0px;padding-bottom:20px;padding-left:0px;'><div class=\"fusion-builder-row fusion-row \"><div  class=\"fusion-layout-column fusion_builder_column fusion_builder_column_1_1 fusion-builder-column-0 fusion-one-full fusion-column-first fusion-column-last 1_1\"  style='margin-top:0px;margin-bottom:20px;'><div class=\"fusion-column-wrapper\" style=\"padding: 0px 0px 0px 0px;background-position:left top;background-repeat:no-repeat;-webkit-background-size:cover;-moz-background-size:cover;-o-background-size:cover;background-size:cover;\"   data-bg-url=\"\"><style type=\"text\/css\"><\/style><div class=\"fusion-title title fusion-title-1 fusion-sep-none fusion-title-text fusion-title-size-one\" style=\"margin-top:0px;margin-bottom:30px;\"><h1 class=\"title-heading-left\" style=\"margin:0;\">Toerisme en ontdekking<\/h1><\/div><div class=\"fusion-clearfix\"><\/div><\/div><\/div><div  class=\"fusion-layout-column fusion_builder_column fusion_builder_column_2_5 fusion-builder-column-1 fusion-two-fifth fusion-column-first 2_5\"  style='margin-top:0px;margin-bottom:20px;width:40%;width:calc(40% - ( ( 4% ) * 0.4 ) );margin-right: 4%;'><div class=\"fusion-column-wrapper\" style=\"padding: 0px 0px 0px 0px;background-position:left top;background-repeat:no-repeat;-webkit-background-size:cover;-moz-background-size:cover;-o-background-size:cover;background-size:cover;\"   data-bg-url=\"\"><div class=\"fusion-text\"><p>Strategisch gelegen voor een ontdekking en ontspannen vakantie in de Gard Proven\u00e7al, uit en in de buurt van de camping diverse activiteiten voor u klaar: door de Gorges de l&#8217;Ard\u00e8che, de Cevennes, Uz\u00e8s, Avignon, Pont du Gard.<\/p>\n<p>Op het terrein en in de buurt, wandelpaden toegankelijk en onderhouden, zoals de Concluses (beek droog in de zomer, gegraven gigantische gaten).<\/p>\n<p>In Goudargues, bevindt zich het <a href=\"https:\/\/en.provenceoccitane.com\/?origine=switchLangue\" target=\"_blank\" rel=\"noopener noreferrer\">Office de Tourisme (vvv).<\/a><\/p>\n<p>Op het terrein kano huren voor een <a href=\"https:\/\/ceze-canoes.fr\/nl\" target=\"_blank\" rel=\"noopener noreferrer\">afdaling van de C\u00e8ze<\/a> met de hele familie (vanaf 3 jaar).<\/p>\n<p>Sur place, location de VTT \u00e9lectrique <a href=\"https:\/\/www.en.occitan-ebike.com\/\" target=\"_blank\" rel=\"noopener\">Occitane Bike<\/a>.<\/p>\n<\/div><div class=\"fusion-clearfix\"><\/div><\/div><\/div><div  class=\"fusion-layout-column fusion_builder_column fusion_builder_column_3_5 fusion-builder-column-2 fusion-three-fifth fusion-column-last 3_5\"  style='margin-top:0px;margin-bottom:20px;width:60%;width:calc(60% - ( ( 4% ) * 0.6 ) );'><div class=\"fusion-column-wrapper\" style=\"padding: 0px 0px 0px 0px;background-position:left top;background-repeat:no-repeat;-webkit-background-size:cover;-moz-background-size:cover;-o-background-size:cover;background-size:cover;\"   data-bg-url=\"\"><div class=\"fusion-video fusion-youtube\" style=\"max-width:600px;max-height:360px;\"><div class=\"video-shortcode\"><iframe title=\"YouTube video player\" src=\"https:\/\/www.youtube.com\/embed\/7foc3g23ROA?wmode=transparent&autoplay=0&amp;rel=0\" width=\"600\" height=\"360\" allowfullscreen allow=\"autoplay; fullscreen\"><\/iframe><\/div><\/div><div class=\"fusion-clearfix\"><\/div><\/div><\/div><\/div><\/div><div class=\"fusion-fullwidth fullwidth-box fusion-builder-row-2 nonhundred-percent-fullwidth non-hundred-percent-height-scrolling\"  style='background-color: rgba(255,255,255,0);background-position: center center;background-repeat: no-repeat;padding-top:20px;padding-right:0px;padding-bottom:20px;padding-left:0px;'><div class=\"fusion-builder-row fusion-row \"><div  class=\"fusion-layout-column fusion_builder_column fusion_builder_column_1_1 fusion-builder-column-3 fusion-one-full fusion-column-first fusion-column-last 1_1\"  style='margin-top:0px;margin-bottom:20px;'><div class=\"fusion-column-wrapper\" style=\"padding: 0px 0px 0px 0px;background-position:left top;background-repeat:no-repeat;-webkit-background-size:cover;-moz-background-size:cover;-o-background-size:cover;background-size:cover;\"   data-bg-url=\"\"><style type=\"text\/css\"><\/style><div class=\"fusion-title title fusion-title-2 fusion-sep-none fusion-title-text fusion-title-size-one\" style=\"margin-top:0px;margin-bottom:30px;\"><h1 class=\"title-heading-left\" style=\"margin:0;\">In de buurt van de camping<\/h1><\/div><div class=\"fusion-clearfix\"><\/div><\/div><\/div><div  class=\"fusion-layout-column fusion_builder_column fusion_builder_column_1_3 fusion-builder-column-4 fusion-one-third fusion-column-first 1_3\"  style='margin-top:0px;margin-bottom:20px;width:33.33%;width:calc(33.33% - ( ( 4% ) * 0.3333 ) );margin-right: 4%;'><div class=\"fusion-column-wrapper\" style=\"padding: 0px 0px 0px 0px;background-position:left top;background-repeat:no-repeat;-webkit-background-size:cover;-moz-background-size:cover;-o-background-size:cover;background-size:cover;\"   data-bg-url=\"\"><ul class=\"fusion-checklist fusion-checklist-1\" style=\"font-size:13px;line-height:22.1px;\"><li class=\"fusion-li-item\"><span style=\"height:22.1px;width:22.1px;margin-right:9.1px;\" class=\"icon-wrapper circle-no\"><i class=\"fusion-li-icon fa-check fas\" style=\"color:#bec901;\"><\/i><\/span><div class=\"fusion-li-item-content\" style=\"margin-left:31.2px;\">\n<p>Op 10 minuten: de Cascades de Sautadet.<\/p>\n<\/div><\/li><li class=\"fusion-li-item\"><span style=\"height:22.1px;width:22.1px;margin-right:9.1px;\" class=\"icon-wrapper circle-no\"><i class=\"fusion-li-icon fa-check fas\" style=\"color:#bec901;\"><\/i><\/span><div class=\"fusion-li-item-content\" style=\"margin-left:31.2px;\">\n<p>Op 10 minuten: La Chartreuse de Valbonne (historisch monument)<\/p>\n<\/div><\/li><li class=\"fusion-li-item\"><span style=\"height:22.1px;width:22.1px;margin-right:9.1px;\" class=\"icon-wrapper circle-no\"><i class=\"fusion-li-icon fa-check fas\" style=\"color:#bec901;\"><\/i><\/span><div class=\"fusion-li-item-content\" style=\"margin-left:31.2px;\">\n<p>Op 10 minuten: La Roque sur C\u00e8ze en Montclus, geklasseerd &#8220;Plus beaux villages de France&#8221;<\/p>\n<\/div><\/li><li class=\"fusion-li-item\"><span style=\"height:22.1px;width:22.1px;margin-right:9.1px;\" class=\"icon-wrapper circle-no\"><i class=\"fusion-li-icon fa-check fas\" style=\"color:#bec901;\"><\/i><\/span><div class=\"fusion-li-item-content\" style=\"margin-left:31.2px;\">Op 15 minuten: de grotten <span class=\"texte\"><a href=\"http:\/\/www.orgnac.com\/\" target=\"_blank\" rel=\"noopener noreferrer\">Aven d\u2019Orgnac<\/a>.<\/span><\/div><\/li><li class=\"fusion-li-item\"><span style=\"height:22.1px;width:22.1px;margin-right:9.1px;\" class=\"icon-wrapper circle-no\"><i class=\"fusion-li-icon fa-check fas\" style=\"color:#bec901;\"><\/i><\/span><div class=\"fusion-li-item-content\" style=\"margin-left:31.2px;\">\n<p>Op 15 minuten: Aigu\u00e8ze en Lussan, geklasseerd &#8220;Plus beaux villages de France&#8221;<\/p>\n<\/div><\/li><li class=\"fusion-li-item\"><span style=\"height:22.1px;width:22.1px;margin-right:9.1px;\" class=\"icon-wrapper circle-no\"><i class=\"fusion-li-icon fa-check fas\" style=\"color:#bec901;\"><\/i><\/span><div class=\"fusion-li-item-content\" style=\"margin-left:31.2px;\">\n<p>Op 20 minuten: de <span class=\"texte\"><a href=\"http:\/\/www.grottedelasalamandre.com\/\" target=\"_blank\" rel=\"noopener noreferrer\">Grotten de la Salamandre<\/a>.<\/span><\/p>\n<\/div><\/li><li class=\"fusion-li-item\"><span style=\"height:22.1px;width:22.1px;margin-right:9.1px;\" class=\"icon-wrapper circle-no\"><i class=\"fusion-li-icon fa-check fas\" style=\"color:#bec901;\"><\/i><\/span><div class=\"fusion-li-item-content\" style=\"margin-left:31.2px;\">\n<p>Op 20 minuten: De Mont Bouquet (629) met paragliding vluchtgebied<\/p>\n<\/div><\/li><li class=\"fusion-li-item\"><span style=\"height:22.1px;width:22.1px;margin-right:9.1px;\" class=\"icon-wrapper circle-no\"><i class=\"fusion-li-icon fa-check fas\" style=\"color:#bec901;\"><\/i><\/span><div class=\"fusion-li-item-content\" style=\"margin-left:31.2px;\">\n<p>Op 30 minuten: de &#8220;Pont d\u2019Arc&#8221; en de <span class=\"texte\"><a href=\"https:\/\/www.pontdarc-ardeche.fr\/decouverte-ardeche\/incontournables-ardeche\/gorges-de-l-ardeche\/\" target=\"_blank\" rel=\"noopener noreferrer\">Gorges de l\u2019Ard\u00e8che<\/a>.<\/span><\/p>\n<\/div><\/li><li class=\"fusion-li-item\"><span style=\"height:22.1px;width:22.1px;margin-right:9.1px;\" class=\"icon-wrapper circle-no\"><i class=\"fusion-li-icon fa-check fas\" style=\"color:#bec901;\"><\/i><\/span><div class=\"fusion-li-item-content\" style=\"margin-left:31.2px;\">Op 30 minuten: de <span class=\"texte\"><a href=\"https:\/\/nl.grottechauvet2ardeche.com\/home\/\" target=\"_blank\" rel=\"noopener noreferrer\">Grotte Chauvet 2<\/a>, replica van de grot Chauvet<\/span>.<\/div><\/li><li class=\"fusion-li-item\"><span style=\"height:22.1px;width:22.1px;margin-right:9.1px;\" class=\"icon-wrapper circle-no\"><i class=\"fusion-li-icon fa-check fas\" style=\"color:#bec901;\"><\/i><\/span><div class=\"fusion-li-item-content\" style=\"margin-left:31.2px;\">Op 30 minuten: het adventure parc met <span class=\"texte\"><a href=\"http:\/\/www.adventurecamp.fr\/nl\/index.php\" target=\"_blank\" rel=\"noopener noreferrer\">Adventure Camp<\/a>.<\/span><\/div><\/li><li class=\"fusion-li-item\"><span style=\"height:22.1px;width:22.1px;margin-right:9.1px;\" class=\"icon-wrapper circle-no\"><i class=\"fusion-li-icon fa-check fas\" style=\"color:#bec901;\"><\/i><\/span><div class=\"fusion-li-item-content\" style=\"margin-left:31.2px;\">Op 40 minuten: de <span class=\"texte\"><a href=\"http:\/\/www.pontdugard.fr\/\" target=\"_blank\" rel=\"noopener noreferrer\">Pont du Gard<\/a>.<\/span><\/div><\/li><li class=\"fusion-li-item\"><span style=\"height:22.1px;width:22.1px;margin-right:9.1px;\" class=\"icon-wrapper circle-no\"><i class=\"fusion-li-icon fa-check fas\" style=\"color:#bec901;\"><\/i><\/span><div class=\"fusion-li-item-content\" style=\"margin-left:31.2px;\">Op 40 minuten: de <span class=\"texte\"><a href=\"http:\/\/www.lafermeauxcrocodiles.com\/\" target=\"_blank\" rel=\"noopener noreferrer\">Krokodillenfarm<\/a> van Pierrelatte.<\/span><\/div><\/li><li class=\"fusion-li-item\"><span style=\"height:22.1px;width:22.1px;margin-right:9.1px;\" class=\"icon-wrapper circle-no\"><i class=\"fusion-li-icon fa-check fas\" style=\"color:#bec901;\"><\/i><\/span><div class=\"fusion-li-item-content\" style=\"margin-left:31.2px;\">Op 45 minuten: Avignon bekend om o.a. zijn pauselijk paleis <span class=\"texte\"><a href=\"http:\/\/www.ot-avignon.fr\/\" target=\"_blank\" rel=\"noopener noreferrer\">Pont d&#8217;Avignon<\/a><\/span> en zijn <span class=\"texte\"><a href=\"http:\/\/www.festival-avignon.com\/\" target=\"_blank\" rel=\"noopener noreferrer\">theaterfestival<\/a>.<\/span><\/div><\/li><li class=\"fusion-li-item\"><span style=\"height:22.1px;width:22.1px;margin-right:9.1px;\" class=\"icon-wrapper circle-no\"><i class=\"fusion-li-icon fa-check fas\" style=\"color:#bec901;\"><\/i><\/span><div class=\"fusion-li-item-content\" style=\"margin-left:31.2px;\">Op 50 minuten: de <span class=\"texte\"><a href=\"http:\/\/www.bambouseraie.com\/\" target=\"_blank\" rel=\"noopener noreferrer\">Bambouseraie van Anduze<\/a>.<\/span><\/div><\/li><li class=\"fusion-li-item\"><span style=\"height:22.1px;width:22.1px;margin-right:9.1px;\" class=\"icon-wrapper circle-no\"><i class=\"fusion-li-icon fa-check fas\" style=\"color:#bec901;\"><\/i><\/span><div class=\"fusion-li-item-content\" style=\"margin-left:31.2px;\">Op 50 minuten: de <span class=\"texte\"><a href=\"http:\/\/www.trainavapeur.com\/\" target=\"_blank\" rel=\"noopener noreferrer\">stoomtrein van de C\u00e9vennes<\/a>.<\/span><\/div><\/li><li class=\"fusion-li-item\"><span style=\"height:22.1px;width:22.1px;margin-right:9.1px;\" class=\"icon-wrapper circle-no\"><i class=\"fusion-li-icon fa-check fas\" style=\"color:#bec901;\"><\/i><\/span><div class=\"fusion-li-item-content\" style=\"margin-left:31.2px;\">Op 60 minuten: de stad Nimes o.a. bekend om zijn Romeinse <span class=\"texte\"><a href=\"http:\/\/www.ot-nimes.fr\/\" target=\"_blank\" rel=\"noopener noreferrer\">Arena<\/a>.<\/span><\/div><\/li><\/ul><div class=\"fusion-clearfix\"><\/div><\/div><\/div><div  class=\"fusion-layout-column fusion_builder_column fusion_builder_column_2_3 fusion-builder-column-5 fusion-two-third fusion-column-last 2_3\"  style='margin-top:0px;margin-bottom:20px;width:66.66%;width:calc(66.66% - ( ( 4% ) * 0.6666 ) );'><div class=\"fusion-column-wrapper\" style=\"padding: 0px 0px 0px 0px;background-position:left top;background-repeat:no-repeat;-webkit-background-size:cover;-moz-background-size:cover;-o-background-size:cover;background-size:cover;\"   data-bg-url=\"\">\t\t\t<style>\n\t\t\t.album {\n\t\t\t\ttext-align:center;\n\t\t\t\t\t\t\t}\n\t\t\t.album a { background: #bec901; display: inline-block; margin: 0 15px 30px; padding: 5px; -webkit-box-shadow: 0 4px 6px rgba(0, 0, 0, .3); -moz-box-shadow: 0 4px 6px rgba(0,0,0,.3); box-shadow: 0 4px 6px rgba(0,0,0,.3); -webkit-transition: all .15s linear; -moz-transition: all .15s linear; transition: all .15s linear; z-index:0; position:relative; }\n\t\t\t.album img {  display: block; width: inherit; }\n\t\t\t.album a:nth-child(1n) { -webkit-transform: rotate(-4deg); -moz-transform: rotate(-4deg); transform: rotate(-4deg); }\n\t\t\t.album a:nth-child(2n) { -webkit-transform: rotate(4deg); -moz-transform: rotate(4deg); transform: rotate(4deg); }\n\t\t\t.album a:nth-child(3n) { -webkit-transform: rotate(-10deg); -moz-transform: rotate(-10deg); transform: rotate(-10deg); }\n\t\t\t.album a:nth-child(4n) { -webkit-transform: rotate(7deg); -moz-transform: rotate(7deg); transform: rotate(7deg); }\n\t\t\t.album a:nth-child(5n) { -webkit-transform: rotate(-3deg); -moz-transform: rotate(-3deg); transform: rotate(-3deg); }\n\t\t\t.album a:nth-child(6n) { -webkit-transform: rotate(2deg); -moz-transform: rotate(2deg); transform: rotate(2deg); }\n\t\t\t.album a:hover{ -webkit-transform: rotate(0deg); -moz-transform: rotate(0deg); transform: rotate(0deg); -webkit-transform: scale(1.2); -moz-transform: scale(1.2); transform: scale(1.2); z-index:10; -webkit-box-shadow: 0 10px 20px rgba(0, 0, 0, .7); -moz-box-shadow: 0 10px 20px rgba(0,0,0,.7); box-shadow: 0 10px 20px rgba(0,0,0,.7); }\n            <\/style>\n\t\t\t<div class=\"album\"><a data-rel=\"iLightbox[294]\" href=\"https:\/\/www.camping-la-grenouille.com\/wp-content\/uploads\/album294\/587c8aab6d277.jpg\" title=\"\" data-title=\"\"><img data-no-lazy=\"1\" src=\"https:\/\/www.camping-la-grenouille.com\/wp-content\/uploads\/album294\/587c8aab6d277-200x150.jpg\" alt=\"\" title=\"\" \/><\/a><a data-rel=\"iLightbox[294]\" href=\"https:\/\/www.camping-la-grenouille.com\/wp-content\/uploads\/album294\/587c8ab386426.jpg\" title=\"\" data-title=\"\"><img data-no-lazy=\"1\" src=\"https:\/\/www.camping-la-grenouille.com\/wp-content\/uploads\/album294\/587c8ab386426-200x150.jpg\" alt=\"\" title=\"\" \/><\/a><a data-rel=\"iLightbox[294]\" href=\"https:\/\/www.camping-la-grenouille.com\/wp-content\/uploads\/album294\/587c8bb9db983.jpg\" title=\"\" data-title=\"\"><img data-no-lazy=\"1\" src=\"https:\/\/www.camping-la-grenouille.com\/wp-content\/uploads\/album294\/587c8bb9db983-200x113.jpg\" alt=\"\" title=\"\" \/><\/a><a data-rel=\"iLightbox[294]\" href=\"https:\/\/www.camping-la-grenouille.com\/wp-content\/uploads\/album294\/58887c034d92f.jpg\" title=\"\" data-title=\"\"><img data-no-lazy=\"1\" src=\"https:\/\/www.camping-la-grenouille.com\/wp-content\/uploads\/album294\/58887c034d92f-200x150.jpg\" alt=\"\" title=\"\" \/><\/a><a data-rel=\"iLightbox[294]\" href=\"https:\/\/www.camping-la-grenouille.com\/wp-content\/uploads\/album294\/5888559c3fef8.jpg\" title=\"\" data-title=\"\"><img data-no-lazy=\"1\" src=\"https:\/\/www.camping-la-grenouille.com\/wp-content\/uploads\/album294\/5888559c3fef8-200x133.jpg\" alt=\"\" title=\"\" \/><\/a><a data-rel=\"iLightbox[294]\" href=\"https:\/\/www.camping-la-grenouille.com\/wp-content\/uploads\/album294\/587c8aa223247.jpg\" title=\"\" data-title=\"\"><img data-no-lazy=\"1\" src=\"https:\/\/www.camping-la-grenouille.com\/wp-content\/uploads\/album294\/587c8aa223247-200x133.jpg\" alt=\"\" title=\"\" \/><\/a><a data-rel=\"iLightbox[294]\" href=\"https:\/\/www.camping-la-grenouille.com\/wp-content\/uploads\/album294\/587c8dd68fdd1.jpg\" title=\"\" data-title=\"\"><img data-no-lazy=\"1\" src=\"https:\/\/www.camping-la-grenouille.com\/wp-content\/uploads\/album294\/587c8dd68fdd1-200x133.jpg\" alt=\"\" title=\"\" \/><\/a><a data-rel=\"iLightbox[294]\" href=\"https:\/\/www.camping-la-grenouille.com\/wp-content\/uploads\/album294\/588855973ea6d.jpg\" title=\"\" data-title=\"\"><img data-no-lazy=\"1\" src=\"https:\/\/www.camping-la-grenouille.com\/wp-content\/uploads\/album294\/588855973ea6d-200x133.jpg\" alt=\"\" title=\"\" \/><\/a><a data-rel=\"iLightbox[294]\" href=\"https:\/\/www.camping-la-grenouille.com\/wp-content\/uploads\/album294\/587c8a512f7ee.jpg\" title=\"\" data-title=\"\"><img data-no-lazy=\"1\" src=\"https:\/\/www.camping-la-grenouille.com\/wp-content\/uploads\/album294\/587c8a512f7ee-200x150.jpg\" alt=\"\" title=\"\" \/><\/a><\/div><div class=\"fusion-clearfix\"><\/div><\/div><\/div><\/div><\/div><\/p>\n","protected":false},"excerpt":{"rendered":"","protected":false},"author":1,"featured_media":0,"parent":0,"menu_order":0,"comment_status":"closed","ping_status":"closed","template":"","meta":[],"_links":{"self":[{"href":"https:\/\/www.camping-la-grenouille.com\/nl\/wp-json\/wp\/v2\/pages\/301"}],"collection":[{"href":"https:\/\/www.camping-la-grenouille.com\/nl\/wp-json\/wp\/v2\/pages"}],"about":[{"href":"https:\/\/www.camping-la-grenouille.com\/nl\/wp-json\/wp\/v2\/types\/page"}],"author":[{"embeddable":true,"href":"https:\/\/www.camping-la-grenouille.com\/nl\/wp-json\/wp\/v2\/users\/1"}],"replies":[{"embeddable":true,"href":"https:\/\/www.camping-la-grenouille.com\/nl\/wp-json\/wp\/v2\/comments?post=301"}],"version-history":[{"count":7,"href":"https:\/\/www.camping-la-grenouille.com\/nl\/wp-json\/wp\/v2\/pages\/301\/revisions"}],"predecessor-version":[{"id":1004,"href":"https:\/\/www.camping-la-grenouille.com\/nl\/wp-json\/wp\/v2\/pages\/301\/revisions\/1004"}],"wp:attachment":[{"href":"https:\/\/www.camping-la-grenouille.com\/nl\/wp-json\/wp\/v2\/media?parent=301"}],"curies":[{"name":"wp","href":"https:\/\/api.w.org\/{rel}","templated":true}]}}